{"id":478,"date":"2022-11-01T08:13:38","date_gmt":"2022-11-01T08:13:38","guid":{"rendered":"https:\/\/berdi.es\/?page_id=478"},"modified":"2022-11-01T08:15:38","modified_gmt":"2022-11-01T08:15:38","slug":"politica-de-privacidad","status":"publish","type":"page","link":"https:\/\/berdi.es\/es\/politica-de-privacidad\/","title":{"rendered":"Pol\u00edtica de privacidad"},"content":{"rendered":"\t\t<div data-elementor-type=\"wp-page\" data-elementor-id=\"478\" class=\"elementor elementor-478\" data-elementor-post-type=\"page\">\n\t\t\t\t<section class=\"elementor-section elementor-top-section elementor-element elementor-element-2331539e elementor-section-boxed elementor-section-height-default elementor-section-height-default\" data-id=\"2331539e\" data-element_type=\"section\">\n\t\t\t\t\t\t<div class=\"elementor-container elementor-column-gap-wider\">\n\t\t\t\t\t<div class=\"elementor-column elementor-col-100 elementor-top-column elementor-element elementor-element-4bebed99\" data-id=\"4bebed99\" data-element_type=\"column\">\n\t\t\t<div class=\"elementor-widget-wrap elementor-element-populated\">\n\t\t\t\t\t\t<div class=\"elementor-element elementor-element-f992fc4 elementor-widget elementor-widget-heading\" data-id=\"f992fc4\" data-element_type=\"widget\" data-widget_type=\"heading.default\">\n\t\t\t\t<div class=\"elementor-widget-container\">\n\t\t\t\t\t<h2 class=\"elementor-heading-title elementor-size-default\">Pol\u00edtica de privacidad<\/h2>\t\t\t\t<\/div>\n\t\t\t\t<\/div>\n\t\t\t\t<div class=\"elementor-element elementor-element-1f72ac29 elementor-widget elementor-widget-text-editor\" data-id=\"1f72ac29\" data-element_type=\"widget\" data-widget_type=\"text-editor.default\">\n\t\t\t\t<div class=\"elementor-widget-container\"><p>El objetivo de esta&nbsp;pol\u00edtica es informar a los interesados acerca de los distintos tratamientos realizados por esta organizaci\u00f3n mediante la p\u00e1gina web y que afecten a sus datos personales de conformidad con lo establecido en la Ley Org\u00e1nica 3\/2018, de 5 de diciembre, de Protecci\u00f3n de Datos Personales y garant\u00eda de los derechos digitales y el Reglamento (UE) 2016\/679 del Parlamento Europeo y del Consejo de 27 de abril de 2016.<\/p><h4 class=\"wp-block-heading\">1. IDENTIFICACI\u00d3N Y DATOS DE CONTACTO DEL RESPONSABLE.<\/h4><p>La organizaci\u00f3n BERDI BANYOLES SL, domiciliada en la CTRA. DE BANYOLES C66 KM.14 (17844 CORNELLA DEL TERRI) GERONA, con N.I.F. B55302442, tel\u00e9fono de contacto: 972581575 y correo electr\u00f3nico rebeca@berdi.es.<\/p><h4 class=\"wp-block-heading\">2. FINALIDADES DEL TRATAMIENTO DE SUS DATOS PERSONALES.<\/h4><p>\u2022 USUARIOS\/NAVEGANTES DE LA P\u00c1GINA WEB DEL RESPONSABLE.<\/p><p>Trataremos sus datos de car\u00e1cter personal facilitados a trav\u00e9s de nuestros formularios web para:<br>\u2022 Atender a las solicitudes, quejas e incidencias trasladadas a trav\u00e9s de nuestros canales de contacto incorporados en la p\u00e1gina web.<br>\u2022 Entender el comportamiento del navegante dentro de la web con el fin de detectar posibles ataques inform\u00e1ticos a nuestra web.<br>\u2022 Cumplir con las obligaciones legales que nos resulten directamente aplicables y regulen nuestra actividad.<br>\u2022 Para proteger y ejercer nuestros derechos o responder ante reclamaciones de cualquier \u00edndole.<br>\u2022 En su caso, env\u00edo de comunicaciones comerciales relativas a los bienes o servicios que conforman nuestra actividad., y\/o noticias o boletines relacionados con nuestro sector.<br>\u2022 Gestionar y enviarle el presupuesto solicitado.<\/p><p>\u2022 CLIENTES.<\/p><p>Trataremos sus datos de car\u00e1cter personal facilitados a trav\u00e9s de nuestros formularios web para:<br>\u2022 La gesti\u00f3n de la relaci\u00f3n comercial.<br>\u2022 La prestaci\u00f3n de los servicios que nos haya contratado.<br>\u2022 Gestiones relacionadas con el env\u00edo y recepci\u00f3n del producto adquirido a trav\u00e9s de esta p\u00e1gina web.<br>\u2022 La gesti\u00f3n administrativa, contable y fiscal.<br>\u2022 Atender a las solicitudes, quejas e incidencias trasladadas a trav\u00e9s de nuestros canales de contacto incorporados en la p\u00e1gina web.<br>\u2022 Entender el comportamiento del navegante dentro de la web con el fin de detectar posibles ataques inform\u00e1ticos a nuestra web.<\/p><p>\u2022 En su caso, env\u00edo de comunicaciones comerciales relativas a los bienes o servicios que conforman nuestra actividad., y\/o noticias o boletines relacionados con nuestro sector.<br>\u2022 Cumplir con las obligaciones legales que nos resulten directamente aplicables y regulen nuestra actividad.<br>\u2022 Para proteger y ejercer nuestros derechos o responder ante reclamaciones de cualquier \u00edndole.<br>\u2022 Gesti\u00f3n de la relaci\u00f3n comercial.<br>\u2022 Atender a las solicitudes, quejas e incidencias trasladadas a trav\u00e9s de nuestros canales de contacto incorporados en la p\u00e1gina web.<br>\u2022 Entender el comportamiento del navegante dentro de la web con el fin de detectar posibles ataques inform\u00e1ticos a nuestra web.<br>\u2022 Cumplir con las obligaciones legales que nos resulten directamente aplicables y regulen nuestra actividad.<br>\u2022 Para proteger y ejercer nuestros derechos o responder ante reclamaciones de cualquier \u00edndole.<br>\u2022 En su caso, env\u00edo de comunicaciones comerciales relativas a los bienes o servicios que conforman nuestra actividad., y\/o noticas o boletines relacionados con nuestro sector.<\/p><h4 class=\"wp-block-heading\">3. BASE JUR\u00cdDICA DEL TRATAMIENTO.<\/h4><p>\u2022 USUARIOS\/NAVEGANTES EN LA P\u00c1GINA WEB DEL RESPONSABLE.<br>\u2022 En el consentimiento que nos has prestado para tratar tus datos con las finalidades indicadas. La negativa a facilitar sus datos personales conllevara la imposibilidad de tratar sus datos con las finalidades mencionadas.<br>\u2022 Para cumplir con las obligaciones legales que se nos aplican. En este caso, el interesado no podr\u00e1 negarse al tratamiento de los datos personales.<br>\u2022 En nuestro inter\u00e9s leg\u00edtimo de proteger nuestra imagen, negocio y trayectoria evitando ataques a nuestra p\u00e1gina web. En este caso, el interesado no podr\u00e1 negarse al tratamiento de los datos personales, aunque podr\u00e1 ejercer, en su caso, los derechos reconocidos en el apartado octavos de la presente pol\u00edtica<\/p><p>\u2022 CLIENTES.<\/p><p>\u2022 Ejecuci\u00f3n de un contrato en el que sea parte o aplicaci\u00f3n de medias precontractuales. La negativa a facilitar sus datos personales conllevara la imposibilidad de tratar sus datos con las finalidades mencionadas.<br>\u2022 En el consentimiento que nos has prestado para tratar tus datos respecto de las finalidades ajenas al desarrollo o ejecuci\u00f3n del contrato existente. La negativa a facilitar sus datos personales conllevara la imposibilidad de tratar sus datos con las finalidades mencionadas.<br>\u2022 Para cumplir con las obligaciones legales que se nos aplican. En este caso, el interesado no podr\u00e1 negarse al tratamiento de los datos personales.<br>\u2022 En nuestro inter\u00e9s leg\u00edtimo de proteger nuestra imagen, negocio y trayectoria evitando ataques a nuestra p\u00e1gina web. En este caso, el interesado no podr\u00e1 negarse al tratamiento de los datos personales, aunque podr\u00e1 ejercer, en su caso, los derechos reconocidos en el apartado octavos de la presente pol\u00edtica<\/p><h4 class=\"wp-block-heading\">4. PLAZOS O CRITERIOS DE CONSERVACI\u00d3N DE LOS DATOS.<\/h4><p>Los datos personales proporcionados se conservar\u00e1n durante el tiempo necesario para cumplir con las finalidades para los que fueron recopilados inicialmente.<br>Una vez que los datos dejen de ser necesarios para el tratamiento en cuesti\u00f3n, estos se mantendr\u00e1n debidamente bloqueados para, en su caso, ponerlos a disposici\u00f3n de las Administraciones y Organismos P\u00fablicas competentes, Jueces y Tribunales o el Ministerio Fiscal, de acuerdo al durante el plazo de prescripci\u00f3n de las acciones que pudieran derivarse de la relaci\u00f3n mantenida con el cliente y\/o los plazos de conservaci\u00f3n previstos legalmente.<br>Periodo de bloqueo de los datos:<br>\u2022 EL C\u00d3DIGO CIVIL. Entre 5 o 15 a\u00f1os seg\u00fan el caso, atendiendo a lo dispuesto en el art\u00edculo 1964.2 del cuerpo legal mencionado.<br>\u2022 EL C\u00d3DIGO DEL COMERCIO. Durante 6 a\u00f1os, atendiendo a dispuesto en el art\u00edculo 30 del cuerpo legal mencionado. Se aplica respecto de la informaci\u00f3n mercantil relacionada con (facturas emitidas y recibidas, tickets, facturas rectificativas, documentos bancarios, etc.).<br>\u2022 LA LEY GENERAL TRIBUTARIA. Durante 4 a\u00f1os atendiendo a dispuesto en los art\u00edculos 66 a 70 del cuerpo legal mencionado. Se aplica a la informaci\u00f3n relacionada con las obligaciones fiscales.<br>\u2022 LEY 10\/2010, DE 28 DE ABRIL, DE PREVENCI\u00d3N DEL BLANQUEO DE CAPITALES Y DE LA FINANCIACI\u00d3N DEL TERRORISMO. Durante 10 a\u00f1os atendiendo a lo dispuesto en 25 de la ley.<\/p><h4 class=\"wp-block-heading\">5. DESTINATARIOS.<\/h4><p>Durante el periodo de duraci\u00f3n del tratamiento de sus datos personales, organizaci\u00f3n podr\u00e1 ceder sus datos a los siguientes destinatarios:<br>\u2022 Jueces y Tribunales.<br>\u2022 Fuerzas y Cuerpos de Seguridad del Estado.<br>\u2022 Otras autoridades u organismos p\u00fablicos competentes, cuando el responsable tenga la obligaci\u00f3n legal de facilitar los datos personales.<br>\u2022 Bancos y Entidades Financieras, en el caso de que nos contrate.<\/p><h4 class=\"wp-block-heading\">6. TRANSFERENCIAS INTERNACIONALES DE DATOS.<\/h4><p>La organizaci\u00f3n no realiza Transferencia Internacional de Datos alguna.<\/p><h4 class=\"wp-block-heading\">7. DERECHOS.<\/h4><p>Los interesados podr\u00e1n ejercer en cualquier momento y de forma totalmente gratuita los derechos de acceso, rectificaci\u00f3n y supresi\u00f3n, as\u00ed como solicitar que se limite el tratamiento de sus datos personales, oponerse al mismo, solicitar la portabilidad de estos (siempre que sea t\u00e9cnicamente posible) o retirar el consentimiento prestado, y en su caso, cuando proceda, a no ser objeto de una decisi\u00f3n basada \u00fanicamente en un tratamiento automatizado, incluido la elaboraci\u00f3n de perfiles.<br>Para ello podr\u00e1 emplear los formularios habilitados por la organizaci\u00f3n, o bien dirigir un escrito a la direcci\u00f3n postal o correo electr\u00f3nico arriba indicadas. En cualquier caso, su solicitud deber\u00e1 acompa\u00f1arse de una fotocopia de su D.N.I. o documento equivalente, con la finalidad de acreditar su identidad.<br>En caso de que sienta vulnerados sus derechos en lo concerniente a la protecci\u00f3n de sus datos personales, especialmente cuando no haya obtenido satisfacci\u00f3n en el ejercicio de sus derechos, puede presentar una reclamaci\u00f3n ante la Autoridad de Control en materia de Protecci\u00f3n de Datos competente (Agencia Espa\u00f1ola de Protecci\u00f3n de Datos), a trav\u00e9s de su sitio web: www.agpd.es.<br>En cumplimiento de lo dispuesto en el art\u00edculo 21 de la Ley 34\/2002 de servicios de la sociedad de la informaci\u00f3n y comercio electr\u00f3nico, si usted no desea recibir m\u00e1s informaci\u00f3n sobre nuestros servicios, puede darse de baja enviando un correo electr\u00f3nico a la direcci\u00f3n rebeca@berdi.es, con asunto \u201cBAJAS\u201d.<\/p><h4 class=\"wp-block-heading\">8. VERACIDAD DE LOS DATOS.<\/h4><p>El interesado garantiza que los datos aportados son verdaderos, exactos, completos y se encuentran actualizados; comprometi\u00e9ndose a informar de cualquier cambio respecto de los datos que aportara, por los canales habilitados al efecto e indicados en el punto uno de la presente pol\u00edtica. Ser\u00e1 responsable de cualquier da\u00f1o o perjuicio, tanto directo como indirecto, que pudiera ocasionar como consecuencia del incumplimiento de la presente obligaci\u00f3n.<br>En el supuesto de que el usuario facilite datos de terceros, declara que cuenta con el consentimiento de los interesados y se compromete a trasladarle la informaci\u00f3n contenida en esta cl\u00e1usula, eximiendo a la organizaci\u00f3n de cualquier responsabilidad derivada por la falta de cumplimiento de la presente obligaci\u00f3n.<\/p><p>\u00daltima revisi\u00f3n:&nbsp;<strong>03\/02\/2020<\/strong><\/p><\/div>\n\t\t\t\t<\/div>\n\t\t\t\t\t<\/div>\n\t\t<\/div>\n\t\t\t\t\t<\/div>\n\t\t<\/section>\t\t<\/div>\n\t\t","protected":false},"excerpt":{"rendered":"<p>El objetivo de esta&nbsp;pol\u00edtica es informar a los interesados acerca de los distintos tratamientos realizados por esta organizaci\u00f3n mediante la p\u00e1gina web y que afecten a sus datos personales de conformidad con lo establecido en la Ley Org\u00e1nica 3\/2018, de 5 de diciembre, de Protecci\u00f3n de Datos Personales y garant\u00eda de los derechos digitales y &#8230; <a title=\"Pol\u00edtica de privacidad\" class=\"read-more\" href=\"https:\/\/berdi.es\/es\/politica-de-privacidad\/\" aria-label=\"M\u00e1s en Pol\u00edtica de privacidad\">Leer m\u00e1s<\/a><\/p>\n","protected":false},"author":1,"featured_media":0,"parent":0,"menu_order":0,"comment_status":"closed","ping_status":"closed","template":"elementor_header_footer","meta":{"footnotes":""},"class_list":["post-478","page","type-page","status-publish"],"yoast_head":"<!-- This site is optimized with the Yoast SEO plugin v24.4 - https:\/\/yoast.com\/wordpress\/plugins\/seo\/ -->\n<title>Pol\u00edtica de privacidad - Berdi<\/title>\n<meta name=\"robots\" content=\"index, follow, max-snippet:-1, max-image-preview:large, max-video-preview:-1\" \/>\n<link rel=\"canonical\" href=\"https:\/\/berdi.es\/es\/politica-de-privacidad\/\" \/>\n<meta property=\"og:locale\" content=\"es_ES\" \/>\n<meta property=\"og:type\" content=\"article\" \/>\n<meta property=\"og:title\" content=\"Pol\u00edtica de privacidad - Berdi\" \/>\n<meta property=\"og:description\" content=\"El objetivo de esta&nbsp;pol\u00edtica es informar a los interesados acerca de los distintos tratamientos realizados por esta organizaci\u00f3n mediante la p\u00e1gina web y que afecten a sus datos personales de conformidad con lo establecido en la Ley Org\u00e1nica 3\/2018, de 5 de diciembre, de Protecci\u00f3n de Datos Personales y garant\u00eda de los derechos digitales y ... Leer m\u00e1s\" \/>\n<meta property=\"og:url\" content=\"https:\/\/berdi.es\/es\/politica-de-privacidad\/\" \/>\n<meta property=\"og:site_name\" content=\"Berdi\" \/>\n<meta property=\"article:publisher\" content=\"https:\/\/www.facebook.com\/Berdibanyoles\" \/>\n<meta property=\"article:modified_time\" content=\"2022-11-01T08:15:38+00:00\" \/>\n<meta name=\"twitter:card\" content=\"summary_large_image\" \/>\n<meta name=\"twitter:site\" content=\"@berdibanyoles\" \/>\n<meta name=\"twitter:label1\" content=\"Tiempo de lectura\" \/>\n\t<meta name=\"twitter:data1\" content=\"7 minutos\" \/>\n<script type=\"application\/ld+json\" class=\"yoast-schema-graph\">{\"@context\":\"https:\/\/schema.org\",\"@graph\":[{\"@type\":\"WebPage\",\"@id\":\"https:\/\/berdi.es\/es\/politica-de-privacidad\/\",\"url\":\"https:\/\/berdi.es\/es\/politica-de-privacidad\/\",\"name\":\"Pol\u00edtica de privacidad - Berdi\",\"isPartOf\":{\"@id\":\"https:\/\/berdi.es\/#website\"},\"datePublished\":\"2022-11-01T08:13:38+00:00\",\"dateModified\":\"2022-11-01T08:15:38+00:00\",\"breadcrumb\":{\"@id\":\"https:\/\/berdi.es\/es\/politica-de-privacidad\/#breadcrumb\"},\"inLanguage\":\"es\",\"potentialAction\":[{\"@type\":\"ReadAction\",\"target\":[\"https:\/\/berdi.es\/es\/politica-de-privacidad\/\"]}]},{\"@type\":\"BreadcrumbList\",\"@id\":\"https:\/\/berdi.es\/es\/politica-de-privacidad\/#breadcrumb\",\"itemListElement\":[{\"@type\":\"ListItem\",\"position\":1,\"name\":\"Inici\",\"item\":\"https:\/\/berdi.es\/\"},{\"@type\":\"ListItem\",\"position\":2,\"name\":\"Pol\u00edtica de privacidad\"}]},{\"@type\":\"WebSite\",\"@id\":\"https:\/\/berdi.es\/#website\",\"url\":\"https:\/\/berdi.es\/\",\"name\":\"Berdi\",\"description\":\"Solucions en publicitat visual\",\"publisher\":{\"@id\":\"https:\/\/berdi.es\/#organization\"},\"alternateName\":\"Berdi Banyoles\",\"potentialAction\":[{\"@type\":\"SearchAction\",\"target\":{\"@type\":\"EntryPoint\",\"urlTemplate\":\"https:\/\/berdi.es\/?s={search_term_string}\"},\"query-input\":{\"@type\":\"PropertyValueSpecification\",\"valueRequired\":true,\"valueName\":\"search_term_string\"}}],\"inLanguage\":\"es\"},{\"@type\":\"Organization\",\"@id\":\"https:\/\/berdi.es\/#organization\",\"name\":\"Berdi\",\"url\":\"https:\/\/berdi.es\/\",\"logo\":{\"@type\":\"ImageObject\",\"inLanguage\":\"es\",\"@id\":\"https:\/\/berdi.es\/#\/schema\/logo\/image\/\",\"url\":\"https:\/\/berdi.es\/wp-content\/uploads\/2022\/10\/berdi-servicios-publicidad-1.png\",\"contentUrl\":\"https:\/\/berdi.es\/wp-content\/uploads\/2022\/10\/berdi-servicios-publicidad-1.png\",\"width\":250,\"height\":146,\"caption\":\"Berdi\"},\"image\":{\"@id\":\"https:\/\/berdi.es\/#\/schema\/logo\/image\/\"},\"sameAs\":[\"https:\/\/www.facebook.com\/Berdibanyoles\",\"https:\/\/x.com\/berdibanyoles\",\"https:\/\/www.instagram.com\/berdibanyoles\/\"]}]}<\/script>\n<!-- \/ Yoast SEO plugin. -->","yoast_head_json":{"title":"Pol\u00edtica de privacidad - Berdi","robots":{"index":"index","follow":"follow","max-snippet":"max-snippet:-1","max-image-preview":"max-image-preview:large","max-video-preview":"max-video-preview:-1"},"canonical":"https:\/\/berdi.es\/es\/politica-de-privacidad\/","og_locale":"es_ES","og_type":"article","og_title":"Pol\u00edtica de privacidad - Berdi","og_description":"El objetivo de esta&nbsp;pol\u00edtica es informar a los interesados acerca de los distintos tratamientos realizados por esta organizaci\u00f3n mediante la p\u00e1gina web y que afecten a sus datos personales de conformidad con lo establecido en la Ley Org\u00e1nica 3\/2018, de 5 de diciembre, de Protecci\u00f3n de Datos Personales y garant\u00eda de los derechos digitales y ... Leer m\u00e1s","og_url":"https:\/\/berdi.es\/es\/politica-de-privacidad\/","og_site_name":"Berdi","article_publisher":"https:\/\/www.facebook.com\/Berdibanyoles","article_modified_time":"2022-11-01T08:15:38+00:00","twitter_card":"summary_large_image","twitter_site":"@berdibanyoles","twitter_misc":{"Tiempo de lectura":"7 minutos"},"schema":{"@context":"https:\/\/schema.org","@graph":[{"@type":"WebPage","@id":"https:\/\/berdi.es\/es\/politica-de-privacidad\/","url":"https:\/\/berdi.es\/es\/politica-de-privacidad\/","name":"Pol\u00edtica de privacidad - Berdi","isPartOf":{"@id":"https:\/\/berdi.es\/#website"},"datePublished":"2022-11-01T08:13:38+00:00","dateModified":"2022-11-01T08:15:38+00:00","breadcrumb":{"@id":"https:\/\/berdi.es\/es\/politica-de-privacidad\/#breadcrumb"},"inLanguage":"es","potentialAction":[{"@type":"ReadAction","target":["https:\/\/berdi.es\/es\/politica-de-privacidad\/"]}]},{"@type":"BreadcrumbList","@id":"https:\/\/berdi.es\/es\/politica-de-privacidad\/#breadcrumb","itemListElement":[{"@type":"ListItem","position":1,"name":"Inici","item":"https:\/\/berdi.es\/"},{"@type":"ListItem","position":2,"name":"Pol\u00edtica de privacidad"}]},{"@type":"WebSite","@id":"https:\/\/berdi.es\/#website","url":"https:\/\/berdi.es\/","name":"Berdi","description":"Solucions en publicitat visual","publisher":{"@id":"https:\/\/berdi.es\/#organization"},"alternateName":"Berdi Banyoles","potentialAction":[{"@type":"SearchAction","target":{"@type":"EntryPoint","urlTemplate":"https:\/\/berdi.es\/?s={search_term_string}"},"query-input":{"@type":"PropertyValueSpecification","valueRequired":true,"valueName":"search_term_string"}}],"inLanguage":"es"},{"@type":"Organization","@id":"https:\/\/berdi.es\/#organization","name":"Berdi","url":"https:\/\/berdi.es\/","logo":{"@type":"ImageObject","inLanguage":"es","@id":"https:\/\/berdi.es\/#\/schema\/logo\/image\/","url":"https:\/\/berdi.es\/wp-content\/uploads\/2022\/10\/berdi-servicios-publicidad-1.png","contentUrl":"https:\/\/berdi.es\/wp-content\/uploads\/2022\/10\/berdi-servicios-publicidad-1.png","width":250,"height":146,"caption":"Berdi"},"image":{"@id":"https:\/\/berdi.es\/#\/schema\/logo\/image\/"},"sameAs":["https:\/\/www.facebook.com\/Berdibanyoles","https:\/\/x.com\/berdibanyoles","https:\/\/www.instagram.com\/berdibanyoles\/"]}]}},"_links":{"self":[{"href":"https:\/\/berdi.es\/es\/wp-json\/wp\/v2\/pages\/478","targetHints":{"allow":["GET"]}}],"collection":[{"href":"https:\/\/berdi.es\/es\/wp-json\/wp\/v2\/pages"}],"about":[{"href":"https:\/\/berdi.es\/es\/wp-json\/wp\/v2\/types\/page"}],"author":[{"embeddable":true,"href":"https:\/\/berdi.es\/es\/wp-json\/wp\/v2\/users\/1"}],"replies":[{"embeddable":true,"href":"https:\/\/berdi.es\/es\/wp-json\/wp\/v2\/comments?post=478"}],"version-history":[{"count":0,"href":"https:\/\/berdi.es\/es\/wp-json\/wp\/v2\/pages\/478\/revisions"}],"wp:attachment":[{"href":"https:\/\/berdi.es\/es\/wp-json\/wp\/v2\/media?parent=478"}],"curies":[{"name":"wp","href":"https:\/\/api.w.org\/{rel}","templated":true}]}}